{"id":16123,"date":"2018-01-03T03:54:19","date_gmt":"2018-01-03T03:54:19","guid":{"rendered":"https:\/\/conferento.com\/?post_type=job_listing&#038;p=16123"},"modified":"2018-09-03T03:54:36","modified_gmt":"2018-09-03T03:54:36","slug":"oficina-virtual-en-valencia-domiciliacion-de-empresas","status":"publish","type":"job_listing","link":"https:\/\/www.conferento.com\/es\/listings\/oficina-virtual-en-valencia-domiciliacion-de-empresas\/","title":{"rendered":"Oficina Virtual en Valencia &#8211; Domiciliaci\u00f3n de empresas"},"content":{"rendered":"<h1>Baum Centro de Negocios on Office en Val\u00e8ncia<\/h1>\n<p><strong>Aporte valor a su empresa alquilando su despacho u oficina virtual en la zona m\u00e1s representativa y exclusiva valenciana.<\/strong><\/p>\n<hr \/>\n<h2>Oficinas Virtuales en Val\u00e8ncia<\/h2>\n<p><img loading=\"lazy\" decoding=\"async\" class=\"alignnone wp-image-16051 size-full\" src=\"https:\/\/conferento.com\/wp-content\/uploads\/2018\/09\/up-DSC00352-1.jpg\" alt=\"\" width=\"600\" height=\"400\" srcset=\"https:\/\/www.conferento.com\/wp-content\/uploads\/2018\/09\/up-DSC00352-1.jpg 600w, https:\/\/www.conferento.com\/wp-content\/uploads\/2018\/09\/up-DSC00352-1-300x200.jpg 300w, https:\/\/www.conferento.com\/wp-content\/uploads\/2018\/09\/up-DSC00352-1-24x16.jpg 24w, https:\/\/www.conferento.com\/wp-content\/uploads\/2018\/09\/up-DSC00352-1-36x24.jpg 36w, https:\/\/www.conferento.com\/wp-content\/uploads\/2018\/09\/up-DSC00352-1-48x32.jpg 48w\" sizes=\"auto, (max-width: 600px) 100vw, 600px\" \/><\/p>\n<div style=\"font-size: 10px;\"><\/div>\n<p><strong>Domicilio, recepci\u00f3n de correo y l\u00ednea de tel\u00e9fono para su empresa. Adem\u00e1s de salas de reuniones y despachos de forma puntual, seg\u00fan sus necesidades. Porque las apariencias importan. Haga crecer su empresa y d\u00e9jenos ocuparnos de lo dem\u00e1s.<\/strong><\/p>\n<p>En nuestras oficinas virtuales puede domiciliar su empresa, recibir correo y disponer de una l\u00ednea de tel\u00e9fono para su empresa. Adem\u00e1s de salas de reuniones y despachos de forma puntual, seg\u00fan sus necesidades. Porque las apariencias importan.<\/p>\n<ul>\n<li>Domicilio fiscal y social<\/li>\n<li>Env\u00edo y recepci\u00f3n de paqueter\u00eda<\/li>\n<li>Atenci\u00f3n telef\u00f3nica<\/li>\n<\/ul>\n<hr \/>\n<p style=\"text-align: center;\"><a class=\"btn btn-theme btn-submit radius-3x\" href=\"https:\/\/baumnegocios.es\/oficina-virtual\/\" target=\"_blank\" rel=\"nofollow noopener\">M\u00e1s informaci\u00f3n<\/a><\/p>\n<hr \/>\n<h2>Baum Centro de Negocios on Office<\/h2>\n<p>Despachos, oficinas y salas de reuniones, dotadas de todos los servicios, la mayor calidad al servicio de su empresa. De modo permanente, por meses, por semanas, por horas \u2026\u00a0Le ofrece los servicios complementarios que pueda necesitar su empresa, prestadas por profesionales de prestigio, con tarifas ajustadas a cada caso.<\/p>\n<hr \/>\n<h2>Contacto<\/h2>\n<p><img loading=\"lazy\" decoding=\"async\" class=\"alignnone size-full wp-image-16021\" src=\"https:\/\/conferento.com\/wp-content\/uploads\/2018\/09\/up-baumoffice-logo.jpg\" alt=\"\" width=\"170\" height=\"125\" srcset=\"https:\/\/www.conferento.com\/wp-content\/uploads\/2018\/09\/up-baumoffice-logo.jpg 170w, https:\/\/www.conferento.com\/wp-content\/uploads\/2018\/09\/up-baumoffice-logo-24x18.jpg 24w, https:\/\/www.conferento.com\/wp-content\/uploads\/2018\/09\/up-baumoffice-logo-36x26.jpg 36w, https:\/\/www.conferento.com\/wp-content\/uploads\/2018\/09\/up-baumoffice-logo-48x35.jpg 48w\" sizes=\"auto, (max-width: 170px) 100vw, 170px\" \/><\/p>\n<p><strong>BAUM CENTRO DE NEGOCIOS ON OFFICE<\/strong><br \/>\nCarrer de Col\u00f3n, 4<br \/>\n46004 Val\u00e8ncia<br \/>\n+34 963115903<br \/>\ninfo@baumnegocios.es<br \/>\nwww.baumnegocios.es<\/p>\n<hr \/>\n<div style=\"font-size: 10px;\">\n<p>Todas las im\u00e1genes \u00a9 BAUM CENTRO DE NEGOCIOS ON OFFICE &#8211;\u00a0 Symbolfoto \u00a9 WrightStudio &#8211; Fotolia.com<\/p>\n<\/div>\n","protected":false},"featured_media":16124,"comment_status":"closed","ping_status":"closed","template":"","meta":{"inline_featured_image":false,"_promoted":"","_job_location":"46004 Val\u00e8ncia \u2022 Calle Col\u00f3n, 4","_company_website":"https:\/\/baumnegocios.es\/","_company_twitter":"https:\/\/twitter.com\/baumnegocios?lang=es","_company_video":"https:\/\/www.youtube.com\/watch?v=3nb-JgCr6cc","_filled":0,"_featured":1,"_remote_position":0,"_job_salary":"","_job_salary_currency":"","_job_salary_unit":""},"job-categories":[220,204,224],"job-types":[],"job_listing_amenity":[225,288,316,321,315,329,208,291,323,227,327,207,206,328,330,226],"job_listing_region":[200,610],"class_list":{"0":"post-16123","1":"job_listing","2":"type-job_listing","3":"status-publish","4":"has-post-thumbnail","5":"hentry","6":"job_listing_category-domiciliacion-fiscal","7":"job_listing_category-oficina-virtual","8":"job_listing_category-oficinas-temporales","9":"job_listing_amenity-24-horas-de-acceso","10":"job_listing_amenity-accesible","11":"job_listing_amenity-aire-acondicionado","12":"job_listing_amenity-aparcamiento","13":"job_listing_amenity-cafe-y-te","14":"job_listing_amenity-certificacion","15":"job_listing_amenity-disponible-de-inmediato","16":"job_listing_amenity-impresora-y-escaner","17":"job_listing_amenity-limpieza","18":"job_listing_amenity-por-dias","19":"job_listing_amenity-por-la-horas","20":"job_listing_amenity-secretariado","21":"job_listing_amenity-servicio-postal","22":"job_listing_amenity-television","23":"job_listing_amenity-videoconferencia","24":"job_listing_amenity-wi-fi-gratuito","25":"job_listing_region-espana","26":"job_listing_region-valencia-espana","28":"job_position_featured"},"_links":{"self":[{"href":"https:\/\/www.conferento.com\/es\/wp-json\/wp\/v2\/job-listings\/16123","targetHints":{"allow":["GET"]}}],"collection":[{"href":"https:\/\/www.conferento.com\/es\/wp-json\/wp\/v2\/job-listings"}],"about":[{"href":"https:\/\/www.conferento.com\/es\/wp-json\/wp\/v2\/types\/job_listing"}],"replies":[{"embeddable":true,"href":"https:\/\/www.conferento.com\/es\/wp-json\/wp\/v2\/comments?post=16123"}],"wp:featuredmedia":[{"embeddable":true,"href":"https:\/\/www.conferento.com\/es\/wp-json\/wp\/v2\/media\/16124"}],"wp:attachment":[{"href":"https:\/\/www.conferento.com\/es\/wp-json\/wp\/v2\/media?parent=16123"}],"wp:term":[{"taxonomy":"job_listing_category","embeddable":true,"href":"https:\/\/www.conferento.com\/es\/wp-json\/wp\/v2\/job-categories?post=16123"},{"taxonomy":"job_listing_type","embeddable":true,"href":"https:\/\/www.conferento.com\/es\/wp-json\/wp\/v2\/job-types?post=16123"},{"taxonomy":"job_listing_amenity","embeddable":true,"href":"https:\/\/www.conferento.com\/es\/wp-json\/wp\/v2\/job_listing_amenity?post=16123"},{"taxonomy":"job_listing_region","embeddable":true,"href":"https:\/\/www.conferento.com\/es\/wp-json\/wp\/v2\/job_listing_region?post=16123"}],"curies":[{"name":"wp","href":"https:\/\/api.w.org\/{rel}","templated":true}]}}